{"id":145,"date":"2020-07-23T18:12:28","date_gmt":"2020-07-23T18:12:28","guid":{"rendered":"https:\/\/cevambrasil.com.br\/site\/?page_id=145"},"modified":"2020-08-19T17:31:34","modified_gmt":"2020-08-19T17:31:34","slug":"fotos","status":"publish","type":"page","link":"https:\/\/cevambrasil.com.br\/site\/fotos\/","title":{"rendered":"Fotos"},"content":{"rendered":"\n<div class=\"wp-block-group is-layout-flow wp-block-group-is-layout-flow\"><div class=\"wp-block-group__inner-container\"><\/div><\/div>\n\n\n\n<p style=\"color:#0d0d0e\" class=\"has-text-color has-text-align-center\"><strong>Primeira Caminhada Afetiva em Prol do Lan\u00e7amento da Campanha de Apadrinhamento Afetivo do Natal (2014)<\/strong><\/p>\n\n\n\n<!-- default-view.php -->\n<div\n\tclass=\"ngg-galleryoverview default-view \"\n\tid=\"ngg-gallery-33245cef03aac5b02637e09687ac0232-1\">\n\n\t\t<!-- Thumbnails -->\n\t\t\t\t<div id=\"ngg-image-0\" class=\"ngg-gallery-thumbnail-box \" >\n\t\t\t\t        <div class=\"ngg-gallery-thumbnail\">\n            <a href=\"https:\/\/cevambrasil.com.br\/site\/wp-content\/gallery\/primeira-caminhada-2014\/caminhada-1_2014.jpg\"\n               title=\"\"\n               data-src=\"https:\/\/cevambrasil.com.br\/site\/wp-content\/gallery\/primeira-caminhada-2014\/caminhada-1_2014.jpg\"\n               data-thumbnail=\"https:\/\/cevambrasil.com.br\/site\/wp-content\/gallery\/primeira-caminhada-2014\/thumbs\/thumbs_caminhada-1_2014.jpg\"\n               data-image-id=\"1\"\n               data-title=\"caminhada-1_2014\"\n               data-description=\"\"\n               data-image-slug=\"caminhada-1_2014\"\n               class=\"ngg-simplelightbox\" rel=\"33245cef03aac5b02637e09687ac0232\">\n                <img\n                    title=\"caminhada-1_2014\"\n                    alt=\"caminhada-1_2014\"\n                    src=\"https:\/\/cevambrasil.com.br\/site\/wp-content\/gallery\/primeira-caminhada-2014\/thumbs\/thumbs_caminhada-1_2014.jpg\"\n                    width=\"240\"\n                    height=\"160\"\n                    style=\"max-width:100%;\"\n                \/>\n            <\/a>\n        <\/div>\n\t\t\t\t\t\t\t<\/div> \n\t\t\t\n\t\t\t\t<div id=\"ngg-image-1\" class=\"ngg-gallery-thumbnail-box \" >\n\t\t\t\t        <div class=\"ngg-gallery-thumbnail\">\n            <a href=\"https:\/\/cevambrasil.com.br\/site\/wp-content\/gallery\/primeira-caminhada-2014\/caminhada-2_2014.jpg\"\n               title=\"\"\n               data-src=\"https:\/\/cevambrasil.com.br\/site\/wp-content\/gallery\/primeira-caminhada-2014\/caminhada-2_2014.jpg\"\n               data-thumbnail=\"https:\/\/cevambrasil.com.br\/site\/wp-content\/gallery\/primeira-caminhada-2014\/thumbs\/thumbs_caminhada-2_2014.jpg\"\n               data-image-id=\"2\"\n               data-title=\"caminhada-2_2014\"\n               data-description=\"\"\n               data-image-slug=\"caminhada-2_2014\"\n               class=\"ngg-simplelightbox\" rel=\"33245cef03aac5b02637e09687ac0232\">\n                <img\n                    title=\"caminhada-2_2014\"\n                    alt=\"caminhada-2_2014\"\n                    src=\"https:\/\/cevambrasil.com.br\/site\/wp-content\/gallery\/primeira-caminhada-2014\/thumbs\/thumbs_caminhada-2_2014.jpg\"\n                    width=\"240\"\n                    height=\"160\"\n                    style=\"max-width:100%;\"\n                \/>\n            <\/a>\n        <\/div>\n\t\t\t\t\t\t\t<\/div> \n\t\t\t\n\t\t\t\t<div id=\"ngg-image-2\" class=\"ngg-gallery-thumbnail-box \" >\n\t\t\t\t        <div class=\"ngg-gallery-thumbnail\">\n            <a href=\"https:\/\/cevambrasil.com.br\/site\/wp-content\/gallery\/primeira-caminhada-2014\/caminhada-3_2014.jpg\"\n               title=\"\"\n               data-src=\"https:\/\/cevambrasil.com.br\/site\/wp-content\/gallery\/primeira-caminhada-2014\/caminhada-3_2014.jpg\"\n               data-thumbnail=\"https:\/\/cevambrasil.com.br\/site\/wp-content\/gallery\/primeira-caminhada-2014\/thumbs\/thumbs_caminhada-3_2014.jpg\"\n               data-image-id=\"3\"\n               data-title=\"caminhada-3_2014\"\n               data-description=\"\"\n               data-image-slug=\"caminhada-3_2014\"\n               class=\"ngg-simplelightbox\" rel=\"33245cef03aac5b02637e09687ac0232\">\n                <img\n                    title=\"caminhada-3_2014\"\n                    alt=\"caminhada-3_2014\"\n                    src=\"https:\/\/cevambrasil.com.br\/site\/wp-content\/gallery\/primeira-caminhada-2014\/thumbs\/thumbs_caminhada-3_2014.jpg\"\n                    width=\"240\"\n                    height=\"160\"\n                    style=\"max-width:100%;\"\n                \/>\n            <\/a>\n        <\/div>\n\t\t\t\t\t\t\t<\/div> \n\t\t\t\n\t\n\t<br style=\"clear: both\" \/>\n\n\t\n\t\t<!-- Pagination -->\n\t<div class='ngg-clear'><\/div>\t<\/div>\n\n\n\n\n<p style=\"color:#0d0d0e\" class=\"has-text-color has-text-align-center\"><strong>Em 2015, o CEVAM comemorou os 15 anos do Programa Com Viver e promoveu o baile de debutante de 15 adolescentes acolhidas<\/strong><\/p>\n\n\n\n<!-- default-view.php -->\n<div\n\tclass=\"ngg-galleryoverview default-view \"\n\tid=\"ngg-gallery-60a6b3b2340d5313af5cb9e5c6fd36ae-1\">\n\n\t\t<!-- Thumbnails -->\n\t\t\t\t<div id=\"ngg-image-0\" class=\"ngg-gallery-thumbnail-box \" >\n\t\t\t\t        <div class=\"ngg-gallery-thumbnail\">\n            <a href=\"https:\/\/cevambrasil.com.br\/site\/wp-content\/gallery\/festa-de-15-anos-do-cevam-2015\/15-anos-CEVAM-1_2015.jpg\"\n               title=\"\"\n               data-src=\"https:\/\/cevambrasil.com.br\/site\/wp-content\/gallery\/festa-de-15-anos-do-cevam-2015\/15-anos-CEVAM-1_2015.jpg\"\n               data-thumbnail=\"https:\/\/cevambrasil.com.br\/site\/wp-content\/gallery\/festa-de-15-anos-do-cevam-2015\/thumbs\/thumbs_15-anos-CEVAM-1_2015.jpg\"\n               data-image-id=\"4\"\n               data-title=\"15-anos-CEVAM-1_2015\"\n               data-description=\"\"\n               data-image-slug=\"15-anos-cevam-1_2015\"\n               class=\"ngg-simplelightbox\" rel=\"60a6b3b2340d5313af5cb9e5c6fd36ae\">\n                <img\n                    title=\"15-anos-CEVAM-1_2015\"\n                    alt=\"15-anos-CEVAM-1_2015\"\n                    src=\"https:\/\/cevambrasil.com.br\/site\/wp-content\/gallery\/festa-de-15-anos-do-cevam-2015\/thumbs\/thumbs_15-anos-CEVAM-1_2015.jpg\"\n                    width=\"240\"\n                    height=\"160\"\n                    style=\"max-width:100%;\"\n                \/>\n            <\/a>\n        <\/div>\n\t\t\t\t\t\t\t<\/div> \n\t\t\t\n\t\t\t\t<div id=\"ngg-image-1\" class=\"ngg-gallery-thumbnail-box \" >\n\t\t\t\t        <div class=\"ngg-gallery-thumbnail\">\n            <a href=\"https:\/\/cevambrasil.com.br\/site\/wp-content\/gallery\/festa-de-15-anos-do-cevam-2015\/15-anos-CEVAM-2_2015.jpg\"\n               title=\"\"\n               data-src=\"https:\/\/cevambrasil.com.br\/site\/wp-content\/gallery\/festa-de-15-anos-do-cevam-2015\/15-anos-CEVAM-2_2015.jpg\"\n               data-thumbnail=\"https:\/\/cevambrasil.com.br\/site\/wp-content\/gallery\/festa-de-15-anos-do-cevam-2015\/thumbs\/thumbs_15-anos-CEVAM-2_2015.jpg\"\n               data-image-id=\"5\"\n               data-title=\"15-anos-CEVAM-2_2015\"\n               data-description=\"\"\n               data-image-slug=\"15-anos-cevam-2_2015\"\n               class=\"ngg-simplelightbox\" rel=\"60a6b3b2340d5313af5cb9e5c6fd36ae\">\n                <img\n                    title=\"15-anos-CEVAM-2_2015\"\n                    alt=\"15-anos-CEVAM-2_2015\"\n                    src=\"https:\/\/cevambrasil.com.br\/site\/wp-content\/gallery\/festa-de-15-anos-do-cevam-2015\/thumbs\/thumbs_15-anos-CEVAM-2_2015.jpg\"\n                    width=\"240\"\n                    height=\"160\"\n                    style=\"max-width:100%;\"\n                \/>\n            <\/a>\n        <\/div>\n\t\t\t\t\t\t\t<\/div> \n\t\t\t\n\t\t\t\t<div id=\"ngg-image-2\" class=\"ngg-gallery-thumbnail-box \" >\n\t\t\t\t        <div class=\"ngg-gallery-thumbnail\">\n            <a href=\"https:\/\/cevambrasil.com.br\/site\/wp-content\/gallery\/festa-de-15-anos-do-cevam-2015\/15-anos-CEVAM-3_2015.jpg\"\n               title=\"\"\n               data-src=\"https:\/\/cevambrasil.com.br\/site\/wp-content\/gallery\/festa-de-15-anos-do-cevam-2015\/15-anos-CEVAM-3_2015.jpg\"\n               data-thumbnail=\"https:\/\/cevambrasil.com.br\/site\/wp-content\/gallery\/festa-de-15-anos-do-cevam-2015\/thumbs\/thumbs_15-anos-CEVAM-3_2015.jpg\"\n               data-image-id=\"6\"\n               data-title=\"15-anos-CEVAM-3_2015\"\n               data-description=\"\"\n               data-image-slug=\"15-anos-cevam-3_2015\"\n               class=\"ngg-simplelightbox\" rel=\"60a6b3b2340d5313af5cb9e5c6fd36ae\">\n                <img\n                    title=\"15-anos-CEVAM-3_2015\"\n                    alt=\"15-anos-CEVAM-3_2015\"\n                    src=\"https:\/\/cevambrasil.com.br\/site\/wp-content\/gallery\/festa-de-15-anos-do-cevam-2015\/thumbs\/thumbs_15-anos-CEVAM-3_2015.jpg\"\n                    width=\"240\"\n                    height=\"160\"\n                    style=\"max-width:100%;\"\n                \/>\n            <\/a>\n        <\/div>\n\t\t\t\t\t\t\t<\/div> \n\t\t\t\n\t\t\t\t<div id=\"ngg-image-3\" class=\"ngg-gallery-thumbnail-box \" >\n\t\t\t\t        <div class=\"ngg-gallery-thumbnail\">\n            <a href=\"https:\/\/cevambrasil.com.br\/site\/wp-content\/gallery\/festa-de-15-anos-do-cevam-2015\/15-anos-CEVAM-4_2015.jpg\"\n               title=\"\"\n               data-src=\"https:\/\/cevambrasil.com.br\/site\/wp-content\/gallery\/festa-de-15-anos-do-cevam-2015\/15-anos-CEVAM-4_2015.jpg\"\n               data-thumbnail=\"https:\/\/cevambrasil.com.br\/site\/wp-content\/gallery\/festa-de-15-anos-do-cevam-2015\/thumbs\/thumbs_15-anos-CEVAM-4_2015.jpg\"\n               data-image-id=\"7\"\n               data-title=\"15-anos-CEVAM-4_2015\"\n               data-description=\"\"\n               data-image-slug=\"15-anos-cevam-4_2015\"\n               class=\"ngg-simplelightbox\" rel=\"60a6b3b2340d5313af5cb9e5c6fd36ae\">\n                <img\n                    title=\"15-anos-CEVAM-4_2015\"\n                    alt=\"15-anos-CEVAM-4_2015\"\n                    src=\"https:\/\/cevambrasil.com.br\/site\/wp-content\/gallery\/festa-de-15-anos-do-cevam-2015\/thumbs\/thumbs_15-anos-CEVAM-4_2015.jpg\"\n                    width=\"240\"\n                    height=\"160\"\n                    style=\"max-width:100%;\"\n                \/>\n            <\/a>\n        <\/div>\n\t\t\t\t\t\t\t<\/div> \n\t\t\t\n\t\t\t\t<div id=\"ngg-image-4\" class=\"ngg-gallery-thumbnail-box \" >\n\t\t\t\t        <div class=\"ngg-gallery-thumbnail\">\n            <a href=\"https:\/\/cevambrasil.com.br\/site\/wp-content\/gallery\/festa-de-15-anos-do-cevam-2015\/15-anos-CEVAM-5_2015.jpg\"\n               title=\"\"\n               data-src=\"https:\/\/cevambrasil.com.br\/site\/wp-content\/gallery\/festa-de-15-anos-do-cevam-2015\/15-anos-CEVAM-5_2015.jpg\"\n               data-thumbnail=\"https:\/\/cevambrasil.com.br\/site\/wp-content\/gallery\/festa-de-15-anos-do-cevam-2015\/thumbs\/thumbs_15-anos-CEVAM-5_2015.jpg\"\n               data-image-id=\"8\"\n               data-title=\"15-anos-CEVAM-5_2015\"\n               data-description=\"\"\n               data-image-slug=\"15-anos-cevam-5_2015\"\n               class=\"ngg-simplelightbox\" rel=\"60a6b3b2340d5313af5cb9e5c6fd36ae\">\n                <img\n                    title=\"15-anos-CEVAM-5_2015\"\n                    alt=\"15-anos-CEVAM-5_2015\"\n                    src=\"https:\/\/cevambrasil.com.br\/site\/wp-content\/gallery\/festa-de-15-anos-do-cevam-2015\/thumbs\/thumbs_15-anos-CEVAM-5_2015.jpg\"\n                    width=\"240\"\n                    height=\"160\"\n                    style=\"max-width:100%;\"\n                \/>\n            <\/a>\n        <\/div>\n\t\t\t\t\t\t\t<\/div> \n\t\t\t\n\t\t\t\t<div id=\"ngg-image-5\" class=\"ngg-gallery-thumbnail-box \" >\n\t\t\t\t        <div class=\"ngg-gallery-thumbnail\">\n            <a href=\"https:\/\/cevambrasil.com.br\/site\/wp-content\/gallery\/festa-de-15-anos-do-cevam-2015\/15-anos-CEVAM-6_2015.jpg\"\n               title=\"\"\n               data-src=\"https:\/\/cevambrasil.com.br\/site\/wp-content\/gallery\/festa-de-15-anos-do-cevam-2015\/15-anos-CEVAM-6_2015.jpg\"\n               data-thumbnail=\"https:\/\/cevambrasil.com.br\/site\/wp-content\/gallery\/festa-de-15-anos-do-cevam-2015\/thumbs\/thumbs_15-anos-CEVAM-6_2015.jpg\"\n               data-image-id=\"9\"\n               data-title=\"15-anos-CEVAM-6_2015\"\n               data-description=\"\"\n               data-image-slug=\"15-anos-cevam-6_2015\"\n               class=\"ngg-simplelightbox\" rel=\"60a6b3b2340d5313af5cb9e5c6fd36ae\">\n                <img\n                    title=\"15-anos-CEVAM-6_2015\"\n                    alt=\"15-anos-CEVAM-6_2015\"\n                    src=\"https:\/\/cevambrasil.com.br\/site\/wp-content\/gallery\/festa-de-15-anos-do-cevam-2015\/thumbs\/thumbs_15-anos-CEVAM-6_2015.jpg\"\n                    width=\"240\"\n                    height=\"160\"\n                    style=\"max-width:100%;\"\n                \/>\n            <\/a>\n        <\/div>\n\t\t\t\t\t\t\t<\/div> \n\t\t\t\n\t\t\t\t<div id=\"ngg-image-6\" class=\"ngg-gallery-thumbnail-box \" >\n\t\t\t\t        <div class=\"ngg-gallery-thumbnail\">\n            <a href=\"https:\/\/cevambrasil.com.br\/site\/wp-content\/gallery\/festa-de-15-anos-do-cevam-2015\/15-anos-CEVAM-7_2015.jpg\"\n               title=\"\"\n               data-src=\"https:\/\/cevambrasil.com.br\/site\/wp-content\/gallery\/festa-de-15-anos-do-cevam-2015\/15-anos-CEVAM-7_2015.jpg\"\n               data-thumbnail=\"https:\/\/cevambrasil.com.br\/site\/wp-content\/gallery\/festa-de-15-anos-do-cevam-2015\/thumbs\/thumbs_15-anos-CEVAM-7_2015.jpg\"\n               data-image-id=\"10\"\n               data-title=\"15-anos-CEVAM-7_2015\"\n               data-description=\"\"\n               data-image-slug=\"15-anos-cevam-7_2015\"\n               class=\"ngg-simplelightbox\" rel=\"60a6b3b2340d5313af5cb9e5c6fd36ae\">\n                <img\n                    title=\"15-anos-CEVAM-7_2015\"\n                    alt=\"15-anos-CEVAM-7_2015\"\n                    src=\"https:\/\/cevambrasil.com.br\/site\/wp-content\/gallery\/festa-de-15-anos-do-cevam-2015\/thumbs\/thumbs_15-anos-CEVAM-7_2015.jpg\"\n                    width=\"240\"\n                    height=\"160\"\n                    style=\"max-width:100%;\"\n                \/>\n            <\/a>\n        <\/div>\n\t\t\t\t\t\t\t<\/div> \n\t\t\t\n\t\t\t\t<div id=\"ngg-image-7\" class=\"ngg-gallery-thumbnail-box \" >\n\t\t\t\t        <div class=\"ngg-gallery-thumbnail\">\n            <a href=\"https:\/\/cevambrasil.com.br\/site\/wp-content\/gallery\/festa-de-15-anos-do-cevam-2015\/15-anos-CEVAM-8_2015.jpg\"\n               title=\"\"\n               data-src=\"https:\/\/cevambrasil.com.br\/site\/wp-content\/gallery\/festa-de-15-anos-do-cevam-2015\/15-anos-CEVAM-8_2015.jpg\"\n               data-thumbnail=\"https:\/\/cevambrasil.com.br\/site\/wp-content\/gallery\/festa-de-15-anos-do-cevam-2015\/thumbs\/thumbs_15-anos-CEVAM-8_2015.jpg\"\n               data-image-id=\"11\"\n               data-title=\"15-anos-CEVAM-8_2015\"\n               data-description=\"\"\n               data-image-slug=\"15-anos-cevam-8_2015\"\n               class=\"ngg-simplelightbox\" rel=\"60a6b3b2340d5313af5cb9e5c6fd36ae\">\n                <img\n                    title=\"15-anos-CEVAM-8_2015\"\n                    alt=\"15-anos-CEVAM-8_2015\"\n                    src=\"https:\/\/cevambrasil.com.br\/site\/wp-content\/gallery\/festa-de-15-anos-do-cevam-2015\/thumbs\/thumbs_15-anos-CEVAM-8_2015.jpg\"\n                    width=\"240\"\n                    height=\"160\"\n                    style=\"max-width:100%;\"\n                \/>\n            <\/a>\n        <\/div>\n\t\t\t\t\t\t\t<\/div> \n\t\t\t\n\t\t\t\t<div id=\"ngg-image-8\" class=\"ngg-gallery-thumbnail-box \" >\n\t\t\t\t        <div class=\"ngg-gallery-thumbnail\">\n            <a href=\"https:\/\/cevambrasil.com.br\/site\/wp-content\/gallery\/festa-de-15-anos-do-cevam-2015\/15-anos-CEVAM-9_2015.jpg\"\n               title=\"\"\n               data-src=\"https:\/\/cevambrasil.com.br\/site\/wp-content\/gallery\/festa-de-15-anos-do-cevam-2015\/15-anos-CEVAM-9_2015.jpg\"\n               data-thumbnail=\"https:\/\/cevambrasil.com.br\/site\/wp-content\/gallery\/festa-de-15-anos-do-cevam-2015\/thumbs\/thumbs_15-anos-CEVAM-9_2015.jpg\"\n               data-image-id=\"12\"\n               data-title=\"15-anos-CEVAM-9_2015\"\n               data-description=\"\"\n               data-image-slug=\"15-anos-cevam-9_2015\"\n               class=\"ngg-simplelightbox\" rel=\"60a6b3b2340d5313af5cb9e5c6fd36ae\">\n                <img\n                    title=\"15-anos-CEVAM-9_2015\"\n                    alt=\"15-anos-CEVAM-9_2015\"\n                    src=\"https:\/\/cevambrasil.com.br\/site\/wp-content\/gallery\/festa-de-15-anos-do-cevam-2015\/thumbs\/thumbs_15-anos-CEVAM-9_2015.jpg\"\n                    width=\"240\"\n                    height=\"160\"\n                    style=\"max-width:100%;\"\n                \/>\n            <\/a>\n        <\/div>\n\t\t\t\t\t\t\t<\/div> \n\t\t\t\n\t\n\t<br style=\"clear: both\" \/>\n\n\t\n\t\t<!-- Pagination -->\n\t<div class='ngg-clear'><\/div>\t<\/div>\n\n\n\n\n<p style=\"color:#0d0d0e\" class=\"has-text-color has-text-align-center\"><strong>Palestra do Apadrinhamento de Natal (2015)<br>Dr. Ananias e Dr. Marcos Padula<\/strong><\/p>\n\n\n\n<!-- default-view.php -->\n<div\n\tclass=\"ngg-galleryoverview default-view \"\n\tid=\"ngg-gallery-aed252589d55f7bf7ba0a9c0338d089d-1\">\n\n\t\t<!-- Thumbnails -->\n\t\t\t\t<div id=\"ngg-image-0\" class=\"ngg-gallery-thumbnail-box \" >\n\t\t\t\t        <div class=\"ngg-gallery-thumbnail\">\n            <a href=\"https:\/\/cevambrasil.com.br\/site\/wp-content\/gallery\/palestra-apadrinhamento-afetivo-2015\/Palestra-Apadrinhamento-de-Natal-1_2015.jpg\"\n               title=\"\"\n               data-src=\"https:\/\/cevambrasil.com.br\/site\/wp-content\/gallery\/palestra-apadrinhamento-afetivo-2015\/Palestra-Apadrinhamento-de-Natal-1_2015.jpg\"\n               data-thumbnail=\"https:\/\/cevambrasil.com.br\/site\/wp-content\/gallery\/palestra-apadrinhamento-afetivo-2015\/thumbs\/thumbs_Palestra-Apadrinhamento-de-Natal-1_2015.jpg\"\n               data-image-id=\"13\"\n               data-title=\"Palestra-Apadrinhamento-de-Natal-1_2015\"\n               data-description=\"\"\n               data-image-slug=\"palestra-apadrinhamento-de-natal-1_2015\"\n               class=\"ngg-simplelightbox\" rel=\"aed252589d55f7bf7ba0a9c0338d089d\">\n                <img\n                    title=\"Palestra-Apadrinhamento-de-Natal-1_2015\"\n                    alt=\"Palestra-Apadrinhamento-de-Natal-1_2015\"\n                    src=\"https:\/\/cevambrasil.com.br\/site\/wp-content\/gallery\/palestra-apadrinhamento-afetivo-2015\/thumbs\/thumbs_Palestra-Apadrinhamento-de-Natal-1_2015.jpg\"\n                    width=\"240\"\n                    height=\"160\"\n                    style=\"max-width:100%;\"\n                \/>\n            <\/a>\n        <\/div>\n\t\t\t\t\t\t\t<\/div> \n\t\t\t\n\t\t\t\t<div id=\"ngg-image-1\" class=\"ngg-gallery-thumbnail-box \" >\n\t\t\t\t        <div class=\"ngg-gallery-thumbnail\">\n            <a href=\"https:\/\/cevambrasil.com.br\/site\/wp-content\/gallery\/palestra-apadrinhamento-afetivo-2015\/Palestra-Apadrinhamento-de-Natal-2_2015.jpg\"\n               title=\"\"\n               data-src=\"https:\/\/cevambrasil.com.br\/site\/wp-content\/gallery\/palestra-apadrinhamento-afetivo-2015\/Palestra-Apadrinhamento-de-Natal-2_2015.jpg\"\n               data-thumbnail=\"https:\/\/cevambrasil.com.br\/site\/wp-content\/gallery\/palestra-apadrinhamento-afetivo-2015\/thumbs\/thumbs_Palestra-Apadrinhamento-de-Natal-2_2015.jpg\"\n               data-image-id=\"14\"\n               data-title=\"Palestra-Apadrinhamento-de-Natal-2_2015\"\n               data-description=\"\"\n               data-image-slug=\"palestra-apadrinhamento-de-natal-2_2015\"\n               class=\"ngg-simplelightbox\" rel=\"aed252589d55f7bf7ba0a9c0338d089d\">\n                <img\n                    title=\"Palestra-Apadrinhamento-de-Natal-2_2015\"\n                    alt=\"Palestra-Apadrinhamento-de-Natal-2_2015\"\n                    src=\"https:\/\/cevambrasil.com.br\/site\/wp-content\/gallery\/palestra-apadrinhamento-afetivo-2015\/thumbs\/thumbs_Palestra-Apadrinhamento-de-Natal-2_2015.jpg\"\n                    width=\"240\"\n                    height=\"160\"\n                    style=\"max-width:100%;\"\n                \/>\n            <\/a>\n        <\/div>\n\t\t\t\t\t\t\t<\/div> \n\t\t\t\n\t\n\t<br style=\"clear: both\" \/>\n\n\t\n\t\t<!-- Pagination -->\n\t<div class='ngg-clear'><\/div>\t<\/div>\n\n\n\n\n<p style=\"color:#0d0d0e\" class=\"has-text-color has-text-align-center\"><strong>Lan\u00e7amento do Programa de Apadrinhamento Afetivo em Santa Luzia<\/strong><\/p>\n\n\n\n<!-- default-view.php -->\n<div\n\tclass=\"ngg-galleryoverview default-view \"\n\tid=\"ngg-gallery-c7157b502ffcb2a56136e144582fdb91-1\">\n\n\t\t<!-- Thumbnails -->\n\t\t\t\t<div id=\"ngg-image-0\" class=\"ngg-gallery-thumbnail-box \" >\n\t\t\t\t        <div class=\"ngg-gallery-thumbnail\">\n            <a href=\"https:\/\/cevambrasil.com.br\/site\/wp-content\/gallery\/lancamento-do-programa-em-santa-luzia\/Lan%C3%A7amento-do-Programa-em-Santa-Luzia-1.jpg\"\n               title=\"\"\n               data-src=\"https:\/\/cevambrasil.com.br\/site\/wp-content\/gallery\/lancamento-do-programa-em-santa-luzia\/Lan%C3%A7amento-do-Programa-em-Santa-Luzia-1.jpg\"\n               data-thumbnail=\"https:\/\/cevambrasil.com.br\/site\/wp-content\/gallery\/lancamento-do-programa-em-santa-luzia\/thumbs\/thumbs_Lan%C3%A7amento-do-Programa-em-Santa-Luzia-1.jpg\"\n               data-image-id=\"15\"\n               data-title=\"Lan\u00e7amento-do-Programa-em-Santa-Luzia-1\"\n               data-description=\"\"\n               data-image-slug=\"lan%c3%a7amento-do-programa-em-santa-luzia-1\"\n               class=\"ngg-simplelightbox\" rel=\"c7157b502ffcb2a56136e144582fdb91\">\n                <img\n                    title=\"Lan\u00e7amento-do-Programa-em-Santa-Luzia-1\"\n                    alt=\"Lan\u00e7amento-do-Programa-em-Santa-Luzia-1\"\n                    src=\"https:\/\/cevambrasil.com.br\/site\/wp-content\/gallery\/lancamento-do-programa-em-santa-luzia\/thumbs\/thumbs_Lan%C3%A7amento-do-Programa-em-Santa-Luzia-1.jpg\"\n                    width=\"240\"\n                    height=\"160\"\n                    style=\"max-width:100%;\"\n                \/>\n            <\/a>\n        <\/div>\n\t\t\t\t\t\t\t<\/div> \n\t\t\t\n\t\t\t\t<div id=\"ngg-image-1\" class=\"ngg-gallery-thumbnail-box \" >\n\t\t\t\t        <div class=\"ngg-gallery-thumbnail\">\n            <a href=\"https:\/\/cevambrasil.com.br\/site\/wp-content\/gallery\/lancamento-do-programa-em-santa-luzia\/Lan%C3%A7amento-do-Programa-em-Santa-Luzia-2.jpg\"\n               title=\"\"\n               data-src=\"https:\/\/cevambrasil.com.br\/site\/wp-content\/gallery\/lancamento-do-programa-em-santa-luzia\/Lan%C3%A7amento-do-Programa-em-Santa-Luzia-2.jpg\"\n               data-thumbnail=\"https:\/\/cevambrasil.com.br\/site\/wp-content\/gallery\/lancamento-do-programa-em-santa-luzia\/thumbs\/thumbs_Lan%C3%A7amento-do-Programa-em-Santa-Luzia-2.jpg\"\n               data-image-id=\"16\"\n               data-title=\"Lan\u00e7amento-do-Programa-em-Santa-Luzia-2\"\n               data-description=\"\"\n               data-image-slug=\"lan%c3%a7amento-do-programa-em-santa-luzia-2\"\n               class=\"ngg-simplelightbox\" rel=\"c7157b502ffcb2a56136e144582fdb91\">\n                <img\n                    title=\"Lan\u00e7amento-do-Programa-em-Santa-Luzia-2\"\n                    alt=\"Lan\u00e7amento-do-Programa-em-Santa-Luzia-2\"\n                    src=\"https:\/\/cevambrasil.com.br\/site\/wp-content\/gallery\/lancamento-do-programa-em-santa-luzia\/thumbs\/thumbs_Lan%C3%A7amento-do-Programa-em-Santa-Luzia-2.jpg\"\n                    width=\"240\"\n                    height=\"160\"\n                    style=\"max-width:100%;\"\n                \/>\n            <\/a>\n        <\/div>\n\t\t\t\t\t\t\t<\/div> \n\t\t\t\n\t\t\t\t<div id=\"ngg-image-2\" class=\"ngg-gallery-thumbnail-box \" >\n\t\t\t\t        <div class=\"ngg-gallery-thumbnail\">\n            <a href=\"https:\/\/cevambrasil.com.br\/site\/wp-content\/gallery\/lancamento-do-programa-em-santa-luzia\/Lan%C3%A7amento-do-Programa-em-Santa-Luzia-3.jpg\"\n               title=\"\"\n               data-src=\"https:\/\/cevambrasil.com.br\/site\/wp-content\/gallery\/lancamento-do-programa-em-santa-luzia\/Lan%C3%A7amento-do-Programa-em-Santa-Luzia-3.jpg\"\n               data-thumbnail=\"https:\/\/cevambrasil.com.br\/site\/wp-content\/gallery\/lancamento-do-programa-em-santa-luzia\/thumbs\/thumbs_Lan%C3%A7amento-do-Programa-em-Santa-Luzia-3.jpg\"\n               data-image-id=\"17\"\n               data-title=\"Lan\u00e7amento-do-Programa-em-Santa-Luzia-3\"\n               data-description=\"\"\n               data-image-slug=\"lan%c3%a7amento-do-programa-em-santa-luzia-3\"\n               class=\"ngg-simplelightbox\" rel=\"c7157b502ffcb2a56136e144582fdb91\">\n                <img\n                    title=\"Lan\u00e7amento-do-Programa-em-Santa-Luzia-3\"\n                    alt=\"Lan\u00e7amento-do-Programa-em-Santa-Luzia-3\"\n                    src=\"https:\/\/cevambrasil.com.br\/site\/wp-content\/gallery\/lancamento-do-programa-em-santa-luzia\/thumbs\/thumbs_Lan%C3%A7amento-do-Programa-em-Santa-Luzia-3.jpg\"\n                    width=\"240\"\n                    height=\"160\"\n                    style=\"max-width:100%;\"\n                \/>\n            <\/a>\n        <\/div>\n\t\t\t\t\t\t\t<\/div> \n\t\t\t\n\t\n\t<br style=\"clear: both\" \/>\n\n\t\n\t\t<!-- Pagination -->\n\t<div class='ngg-clear'><\/div>\t<\/div>\n\n\n\n\n<p style=\"color:#0d0d0e\" class=\"has-text-color has-text-align-center\"><strong>Segunda Caminhada Afetiva em Prol do Lan\u00e7amento da Campanha de Apadrinhamento Afetivo do Natal (2016)<\/strong><\/p>\n\n\n\n<!-- default-view.php -->\n<div\n\tclass=\"ngg-galleryoverview default-view \"\n\tid=\"ngg-gallery-e39150147f998c570e0d83f5df8a1765-1\">\n\n\t\t<!-- Thumbnails -->\n\t\t\t\t<div id=\"ngg-image-0\" class=\"ngg-gallery-thumbnail-box \" >\n\t\t\t\t        <div class=\"ngg-gallery-thumbnail\">\n            <a href=\"https:\/\/cevambrasil.com.br\/site\/wp-content\/gallery\/segunda-caminhada-afetiva-2016\/Segunda-Caminhada-Afetiva-1_2016.jpg\"\n               title=\"\"\n               data-src=\"https:\/\/cevambrasil.com.br\/site\/wp-content\/gallery\/segunda-caminhada-afetiva-2016\/Segunda-Caminhada-Afetiva-1_2016.jpg\"\n               data-thumbnail=\"https:\/\/cevambrasil.com.br\/site\/wp-content\/gallery\/segunda-caminhada-afetiva-2016\/thumbs\/thumbs_Segunda-Caminhada-Afetiva-1_2016.jpg\"\n               data-image-id=\"18\"\n               data-title=\"Segunda-Caminhada-Afetiva-1_2016\"\n               data-description=\"\"\n               data-image-slug=\"segunda-caminhada-afetiva-1_2016\"\n               class=\"ngg-simplelightbox\" rel=\"e39150147f998c570e0d83f5df8a1765\">\n                <img\n                    title=\"Segunda-Caminhada-Afetiva-1_2016\"\n                    alt=\"Segunda-Caminhada-Afetiva-1_2016\"\n                    src=\"https:\/\/cevambrasil.com.br\/site\/wp-content\/gallery\/segunda-caminhada-afetiva-2016\/thumbs\/thumbs_Segunda-Caminhada-Afetiva-1_2016.jpg\"\n                    width=\"240\"\n                    height=\"160\"\n                    style=\"max-width:100%;\"\n                \/>\n            <\/a>\n        <\/div>\n\t\t\t\t\t\t\t<\/div> \n\t\t\t\n\t\n\t<br style=\"clear: both\" \/>\n\n\t\n\t\t<!-- Pagination -->\n\t<div class='ngg-clear'><\/div>\t<\/div>\n\n\n\n\n<p style=\"color:#0d0d0e\" class=\"has-text-color has-text-align-center\"><strong>Divulga\u00e7\u00e3o do Programa Com Viver no programa &#8220;Domingo de F\u00e9&#8221; (2017)<\/strong><\/p>\n\n\n\n<!-- default-view.php -->\n<div\n\tclass=\"ngg-galleryoverview default-view \"\n\tid=\"ngg-gallery-3099f01471cf5a89e988d3cd393ae76c-1\">\n\n\t\t<!-- Thumbnails -->\n\t\t\t\t<div id=\"ngg-image-0\" class=\"ngg-gallery-thumbnail-box \" >\n\t\t\t\t        <div class=\"ngg-gallery-thumbnail\">\n            <a href=\"https:\/\/cevambrasil.com.br\/site\/wp-content\/gallery\/domingo-de-fe-2017\/Domingo-de-F%C3%A9_2017.jpg\"\n               title=\"\"\n               data-src=\"https:\/\/cevambrasil.com.br\/site\/wp-content\/gallery\/domingo-de-fe-2017\/Domingo-de-F%C3%A9_2017.jpg\"\n               data-thumbnail=\"https:\/\/cevambrasil.com.br\/site\/wp-content\/gallery\/domingo-de-fe-2017\/thumbs\/thumbs_Domingo-de-F%C3%A9_2017.jpg\"\n               data-image-id=\"21\"\n               data-title=\"Domingo-de-F\u00e9_2017\"\n               data-description=\"\"\n               data-image-slug=\"domingo-de-f%c3%a9_2017\"\n               class=\"ngg-simplelightbox\" rel=\"3099f01471cf5a89e988d3cd393ae76c\">\n                <img\n                    title=\"Domingo-de-F\u00e9_2017\"\n                    alt=\"Domingo-de-F\u00e9_2017\"\n                    src=\"https:\/\/cevambrasil.com.br\/site\/wp-content\/gallery\/domingo-de-fe-2017\/thumbs\/thumbs_Domingo-de-F%C3%A9_2017.jpg\"\n                    width=\"240\"\n                    height=\"160\"\n                    style=\"max-width:100%;\"\n                \/>\n            <\/a>\n        <\/div>\n\t\t\t\t\t\t\t<\/div> \n\t\t\t\n\t\n\t<br style=\"clear: both\" \/>\n\n\t\n\t\t<!-- Pagination -->\n\t<div class='ngg-clear'><\/div>\t<\/div>\n\n\n\n\n<p style=\"color:#0d0d0e\" class=\"has-text-color has-text-align-center\"><strong>Doa\u00e7\u00e3o de Alimentos para Unidade de Acolhimento em Santa Luzia (2018)<\/strong><\/p>\n\n\n\n<!-- default-view.php -->\n<div\n\tclass=\"ngg-galleryoverview default-view \"\n\tid=\"ngg-gallery-2b21b111ff732b2df9a366b6eea90c10-1\">\n\n\t\t<!-- Thumbnails -->\n\t\t\t\t<div id=\"ngg-image-0\" class=\"ngg-gallery-thumbnail-box \" >\n\t\t\t\t        <div class=\"ngg-gallery-thumbnail\">\n            <a href=\"https:\/\/cevambrasil.com.br\/site\/wp-content\/gallery\/doacao-de-alimentos-santa-luzia\/Doa%C3%A7%C3%A3o-de-Alimento-Santa-Luzia-1_2018.jpg\"\n               title=\"\"\n               data-src=\"https:\/\/cevambrasil.com.br\/site\/wp-content\/gallery\/doacao-de-alimentos-santa-luzia\/Doa%C3%A7%C3%A3o-de-Alimento-Santa-Luzia-1_2018.jpg\"\n               data-thumbnail=\"https:\/\/cevambrasil.com.br\/site\/wp-content\/gallery\/doacao-de-alimentos-santa-luzia\/thumbs\/thumbs_Doa%C3%A7%C3%A3o-de-Alimento-Santa-Luzia-1_2018.jpg\"\n               data-image-id=\"22\"\n               data-title=\"Doa\u00e7\u00e3o-de-Alimento-Santa-Luzia-1_2018\"\n               data-description=\"\"\n               data-image-slug=\"doa%c3%a7%c3%a3o-de-alimento-santa-luzia-1_2018\"\n               class=\"ngg-simplelightbox\" rel=\"2b21b111ff732b2df9a366b6eea90c10\">\n                <img\n                    title=\"Doa\u00e7\u00e3o-de-Alimento-Santa-Luzia-1_2018\"\n                    alt=\"Doa\u00e7\u00e3o-de-Alimento-Santa-Luzia-1_2018\"\n                    src=\"https:\/\/cevambrasil.com.br\/site\/wp-content\/gallery\/doacao-de-alimentos-santa-luzia\/thumbs\/thumbs_Doa%C3%A7%C3%A3o-de-Alimento-Santa-Luzia-1_2018.jpg\"\n                    width=\"240\"\n                    height=\"160\"\n                    style=\"max-width:100%;\"\n                \/>\n            <\/a>\n        <\/div>\n\t\t\t\t\t\t\t<\/div> \n\t\t\t\n\t\t\t\t<div id=\"ngg-image-1\" class=\"ngg-gallery-thumbnail-box \" >\n\t\t\t\t        <div class=\"ngg-gallery-thumbnail\">\n            <a href=\"https:\/\/cevambrasil.com.br\/site\/wp-content\/gallery\/doacao-de-alimentos-santa-luzia\/Doa%C3%A7%C3%A3o-de-Alimento-Santa-Luzia-2_2018.jpg\"\n               title=\"\"\n               data-src=\"https:\/\/cevambrasil.com.br\/site\/wp-content\/gallery\/doacao-de-alimentos-santa-luzia\/Doa%C3%A7%C3%A3o-de-Alimento-Santa-Luzia-2_2018.jpg\"\n               data-thumbnail=\"https:\/\/cevambrasil.com.br\/site\/wp-content\/gallery\/doacao-de-alimentos-santa-luzia\/thumbs\/thumbs_Doa%C3%A7%C3%A3o-de-Alimento-Santa-Luzia-2_2018.jpg\"\n               data-image-id=\"25\"\n               data-title=\"Doa\u00e7\u00e3o-de-Alimento-Santa-Luzia-2_2018\"\n               data-description=\"\"\n               data-image-slug=\"doa%c3%a7%c3%a3o-de-alimento-santa-luzia-2_2018\"\n               class=\"ngg-simplelightbox\" rel=\"2b21b111ff732b2df9a366b6eea90c10\">\n                <img\n                    title=\"Doa\u00e7\u00e3o-de-Alimento-Santa-Luzia-2_2018\"\n                    alt=\"Doa\u00e7\u00e3o-de-Alimento-Santa-Luzia-2_2018\"\n                    src=\"https:\/\/cevambrasil.com.br\/site\/wp-content\/gallery\/doacao-de-alimentos-santa-luzia\/thumbs\/thumbs_Doa%C3%A7%C3%A3o-de-Alimento-Santa-Luzia-2_2018.jpg\"\n                    width=\"240\"\n                    height=\"160\"\n                    style=\"max-width:100%;\"\n                \/>\n            <\/a>\n        <\/div>\n\t\t\t\t\t\t\t<\/div> \n\t\t\t\n\t\n\t<br style=\"clear: both\" \/>\n\n\t\n\t\t<!-- Pagination -->\n\t<div class='ngg-clear'><\/div>\t<\/div>\n\n\n\n\n<p style=\"color:#0d0d0e\" class=\"has-text-color has-text-align-center\"><strong>Terceira Caminhada Afetiva em Prol do Lan\u00e7amento da Campanha de Apadrinhamento Afetivo do Natal (2017)<\/strong><\/p>\n\n\n\n<!-- default-view.php -->\n<div\n\tclass=\"ngg-galleryoverview default-view \"\n\tid=\"ngg-gallery-8ef0c1835b802ec808b6f97719459501-1\">\n\n\t\t<!-- Thumbnails -->\n\t\t\t\t<div id=\"ngg-image-0\" class=\"ngg-gallery-thumbnail-box \" >\n\t\t\t\t        <div class=\"ngg-gallery-thumbnail\">\n            <a href=\"https:\/\/cevambrasil.com.br\/site\/wp-content\/gallery\/terceira-caminhada-afetiva-2017\/Terceira-Caminhada-Afetiva-1_2016.jpg\"\n               title=\"\"\n               data-src=\"https:\/\/cevambrasil.com.br\/site\/wp-content\/gallery\/terceira-caminhada-afetiva-2017\/Terceira-Caminhada-Afetiva-1_2016.jpg\"\n               data-thumbnail=\"https:\/\/cevambrasil.com.br\/site\/wp-content\/gallery\/terceira-caminhada-afetiva-2017\/thumbs\/thumbs_Terceira-Caminhada-Afetiva-1_2016.jpg\"\n               data-image-id=\"19\"\n               data-title=\"Terceira-Caminhada-Afetiva-1_2016\"\n               data-description=\"\"\n               data-image-slug=\"terceira-caminhada-afetiva-1_2016\"\n               class=\"ngg-simplelightbox\" rel=\"8ef0c1835b802ec808b6f97719459501\">\n                <img\n                    title=\"Terceira-Caminhada-Afetiva-1_2016\"\n                    alt=\"Terceira-Caminhada-Afetiva-1_2016\"\n                    src=\"https:\/\/cevambrasil.com.br\/site\/wp-content\/gallery\/terceira-caminhada-afetiva-2017\/thumbs\/thumbs_Terceira-Caminhada-Afetiva-1_2016.jpg\"\n                    width=\"240\"\n                    height=\"160\"\n                    style=\"max-width:100%;\"\n                \/>\n            <\/a>\n        <\/div>\n\t\t\t\t\t\t\t<\/div> \n\t\t\t\n\t\t\t\t<div id=\"ngg-image-1\" class=\"ngg-gallery-thumbnail-box \" >\n\t\t\t\t        <div class=\"ngg-gallery-thumbnail\">\n            <a href=\"https:\/\/cevambrasil.com.br\/site\/wp-content\/gallery\/terceira-caminhada-afetiva-2017\/Terceira-Caminhada-Afetiva-2_2016.jpg\"\n               title=\"\"\n               data-src=\"https:\/\/cevambrasil.com.br\/site\/wp-content\/gallery\/terceira-caminhada-afetiva-2017\/Terceira-Caminhada-Afetiva-2_2016.jpg\"\n               data-thumbnail=\"https:\/\/cevambrasil.com.br\/site\/wp-content\/gallery\/terceira-caminhada-afetiva-2017\/thumbs\/thumbs_Terceira-Caminhada-Afetiva-2_2016.jpg\"\n               data-image-id=\"20\"\n               data-title=\"Terceira-Caminhada-Afetiva-2_2016\"\n               data-description=\"\"\n               data-image-slug=\"terceira-caminhada-afetiva-2_2016\"\n               class=\"ngg-simplelightbox\" rel=\"8ef0c1835b802ec808b6f97719459501\">\n                <img\n                    title=\"Terceira-Caminhada-Afetiva-2_2016\"\n                    alt=\"Terceira-Caminhada-Afetiva-2_2016\"\n                    src=\"https:\/\/cevambrasil.com.br\/site\/wp-content\/gallery\/terceira-caminhada-afetiva-2017\/thumbs\/thumbs_Terceira-Caminhada-Afetiva-2_2016.jpg\"\n                    width=\"240\"\n                    height=\"160\"\n                    style=\"max-width:100%;\"\n                \/>\n            <\/a>\n        <\/div>\n\t\t\t\t\t\t\t<\/div> \n\t\t\t\n\t\n\t<br style=\"clear: both\" \/>\n\n\t\n\t\t<!-- Pagination -->\n\t<div class='ngg-clear'><\/div>\t<\/div>\n\n\n\n\n<p style=\"color:#0d0d0e\" class=\"has-text-color has-text-align-center\"><strong>1\u00ba Encontro de Discuss\u00e3o contra a viol\u00eancia e o abuso sexual infantojuvenil no munic\u00edpio de Santa Luzia<br>Mediador: Dr. Ananias Neves Ferreira (CEVAM)<\/strong><\/p>\n\n\n\n<!-- default-view.php -->\n<div\n\tclass=\"ngg-galleryoverview default-view \"\n\tid=\"ngg-gallery-be09eaa39baa64583d562828a9d94932-1\">\n\n\t\t<!-- Thumbnails -->\n\t\t\t\t<div id=\"ngg-image-0\" class=\"ngg-gallery-thumbnail-box \" >\n\t\t\t\t        <div class=\"ngg-gallery-thumbnail\">\n            <a href=\"https:\/\/cevambrasil.com.br\/site\/wp-content\/gallery\/discussao-contra-a-violencia\/Discuss%C3%A3o-contra-a-Viol%C3%AAncia-2.jpg\"\n               title=\"\"\n               data-src=\"https:\/\/cevambrasil.com.br\/site\/wp-content\/gallery\/discussao-contra-a-violencia\/Discuss%C3%A3o-contra-a-Viol%C3%AAncia-2.jpg\"\n               data-thumbnail=\"https:\/\/cevambrasil.com.br\/site\/wp-content\/gallery\/discussao-contra-a-violencia\/thumbs\/thumbs_Discuss%C3%A3o-contra-a-Viol%C3%AAncia-2.jpg\"\n               data-image-id=\"23\"\n               data-title=\"Discuss\u00e3o-contra-a-Viol\u00eancia-2\"\n               data-description=\"\"\n               data-image-slug=\"discuss%c3%a3o-contra-a-viol%c3%aancia-2\"\n               class=\"ngg-simplelightbox\" rel=\"be09eaa39baa64583d562828a9d94932\">\n                <img\n                    title=\"Discuss\u00e3o-contra-a-Viol\u00eancia-2\"\n                    alt=\"Discuss\u00e3o-contra-a-Viol\u00eancia-2\"\n                    src=\"https:\/\/cevambrasil.com.br\/site\/wp-content\/gallery\/discussao-contra-a-violencia\/thumbs\/thumbs_Discuss%C3%A3o-contra-a-Viol%C3%AAncia-2.jpg\"\n                    width=\"240\"\n                    height=\"160\"\n                    style=\"max-width:100%;\"\n                \/>\n            <\/a>\n        <\/div>\n\t\t\t\t\t\t\t<\/div> \n\t\t\t\n\t\t\t\t<div id=\"ngg-image-1\" class=\"ngg-gallery-thumbnail-box \" >\n\t\t\t\t        <div class=\"ngg-gallery-thumbnail\">\n            <a href=\"https:\/\/cevambrasil.com.br\/site\/wp-content\/gallery\/discussao-contra-a-violencia\/Discuss%C3%A3o-contra-a-Viol%C3%AAncia.jpg\"\n               title=\"\"\n               data-src=\"https:\/\/cevambrasil.com.br\/site\/wp-content\/gallery\/discussao-contra-a-violencia\/Discuss%C3%A3o-contra-a-Viol%C3%AAncia.jpg\"\n               data-thumbnail=\"https:\/\/cevambrasil.com.br\/site\/wp-content\/gallery\/discussao-contra-a-violencia\/thumbs\/thumbs_Discuss%C3%A3o-contra-a-Viol%C3%AAncia.jpg\"\n               data-image-id=\"24\"\n               data-title=\"Discuss\u00e3o-contra-a-Viol\u00eancia\"\n               data-description=\"\"\n               data-image-slug=\"discuss%c3%a3o-contra-a-viol%c3%aancia-3\"\n               class=\"ngg-simplelightbox\" rel=\"be09eaa39baa64583d562828a9d94932\">\n                <img\n                    title=\"Discuss\u00e3o-contra-a-Viol\u00eancia\"\n                    alt=\"Discuss\u00e3o-contra-a-Viol\u00eancia\"\n                    src=\"https:\/\/cevambrasil.com.br\/site\/wp-content\/gallery\/discussao-contra-a-violencia\/thumbs\/thumbs_Discuss%C3%A3o-contra-a-Viol%C3%AAncia.jpg\"\n                    width=\"240\"\n                    height=\"160\"\n                    style=\"max-width:100%;\"\n                \/>\n            <\/a>\n        <\/div>\n\t\t\t\t\t\t\t<\/div> \n\t\t\t\n\t\n\t<br style=\"clear: both\" \/>\n\n\t\n\t\t<!-- Pagination -->\n\t<div class='ngg-clear'><\/div>\t<\/div>\n\n\n\n\n<p style=\"color:#0d0d0e\" class=\"has-text-color has-text-align-center\"><strong>Lan\u00e7amento do Programa de Apadrinhamento Afetivo em Sabar\u00e1 (2018)<\/strong><\/p>\n\n\n\n<!-- default-view.php -->\n<div\n\tclass=\"ngg-galleryoverview default-view \"\n\tid=\"ngg-gallery-9c65853bec418e2778c0b0e8054feee0-1\">\n\n\t\t<!-- Thumbnails -->\n\t\t\t\t<div id=\"ngg-image-0\" class=\"ngg-gallery-thumbnail-box \" >\n\t\t\t\t        <div class=\"ngg-gallery-thumbnail\">\n            <a href=\"https:\/\/cevambrasil.com.br\/site\/wp-content\/gallery\/lancamento-do-programa-em-sabara-2018\/Lan%C3%A7amento-do-Programa-em-Sabar%C3%A1.jpg\"\n               title=\"\"\n               data-src=\"https:\/\/cevambrasil.com.br\/site\/wp-content\/gallery\/lancamento-do-programa-em-sabara-2018\/Lan%C3%A7amento-do-Programa-em-Sabar%C3%A1.jpg\"\n               data-thumbnail=\"https:\/\/cevambrasil.com.br\/site\/wp-content\/gallery\/lancamento-do-programa-em-sabara-2018\/thumbs\/thumbs_Lan%C3%A7amento-do-Programa-em-Sabar%C3%A1.jpg\"\n               data-image-id=\"26\"\n               data-title=\"Lan\u00e7amento-do-Programa-em-Sabar\u00e1\"\n               data-description=\"\"\n               data-image-slug=\"lan%c3%a7amento-do-programa-em-sabar%c3%a1\"\n               class=\"ngg-simplelightbox\" rel=\"9c65853bec418e2778c0b0e8054feee0\">\n                <img\n                    title=\"Lan\u00e7amento-do-Programa-em-Sabar\u00e1\"\n                    alt=\"Lan\u00e7amento-do-Programa-em-Sabar\u00e1\"\n                    src=\"https:\/\/cevambrasil.com.br\/site\/wp-content\/gallery\/lancamento-do-programa-em-sabara-2018\/thumbs\/thumbs_Lan%C3%A7amento-do-Programa-em-Sabar%C3%A1.jpg\"\n                    width=\"240\"\n                    height=\"160\"\n                    style=\"max-width:100%;\"\n                \/>\n            <\/a>\n        <\/div>\n\t\t\t\t\t\t\t<\/div> \n\t\t\t\n\t\n\t<br style=\"clear: both\" \/>\n\n\t\n\t\t<!-- Pagination -->\n\t<div class='ngg-clear'><\/div>\t<\/div>\n\n\n\n\n<p style=\"color:#0d0d0e\" class=\"has-text-color has-text-align-center\"><strong>Lan\u00e7amento do Programa de Apadrinhamento Afetivo em Jaboticatubas (2018)<\/strong><\/p>\n\n\n\n<!-- default-view.php -->\n<div\n\tclass=\"ngg-galleryoverview default-view \"\n\tid=\"ngg-gallery-2fe56b733bf81374fe99106e687caf2d-1\">\n\n\t\t<!-- Thumbnails -->\n\t\t\t\t<div id=\"ngg-image-0\" class=\"ngg-gallery-thumbnail-box \" >\n\t\t\t\t        <div class=\"ngg-gallery-thumbnail\">\n            <a href=\"https:\/\/cevambrasil.com.br\/site\/wp-content\/gallery\/lancamento-do-programa-em-jaboticatubas-2018\/Lan%C3%A7amento-do-Programa-em-Jaboticatubas-2.jpg\"\n               title=\"\"\n               data-src=\"https:\/\/cevambrasil.com.br\/site\/wp-content\/gallery\/lancamento-do-programa-em-jaboticatubas-2018\/Lan%C3%A7amento-do-Programa-em-Jaboticatubas-2.jpg\"\n               data-thumbnail=\"https:\/\/cevambrasil.com.br\/site\/wp-content\/gallery\/lancamento-do-programa-em-jaboticatubas-2018\/thumbs\/thumbs_Lan%C3%A7amento-do-Programa-em-Jaboticatubas-2.jpg\"\n               data-image-id=\"27\"\n               data-title=\"Lan\u00e7amento-do-Programa-em-Jaboticatubas-2\"\n               data-description=\"\"\n               data-image-slug=\"lan%c3%a7amento-do-programa-em-jaboticatubas-2\"\n               class=\"ngg-simplelightbox\" rel=\"2fe56b733bf81374fe99106e687caf2d\">\n                <img\n                    title=\"Lan\u00e7amento-do-Programa-em-Jaboticatubas-2\"\n                    alt=\"Lan\u00e7amento-do-Programa-em-Jaboticatubas-2\"\n                    src=\"https:\/\/cevambrasil.com.br\/site\/wp-content\/gallery\/lancamento-do-programa-em-jaboticatubas-2018\/thumbs\/thumbs_Lan%C3%A7amento-do-Programa-em-Jaboticatubas-2.jpg\"\n                    width=\"240\"\n                    height=\"160\"\n                    style=\"max-width:100%;\"\n                \/>\n            <\/a>\n        <\/div>\n\t\t\t\t\t\t\t<\/div> \n\t\t\t\n\t\t\t\t<div id=\"ngg-image-1\" class=\"ngg-gallery-thumbnail-box \" >\n\t\t\t\t        <div class=\"ngg-gallery-thumbnail\">\n            <a href=\"https:\/\/cevambrasil.com.br\/site\/wp-content\/gallery\/lancamento-do-programa-em-jaboticatubas-2018\/Lan%C3%A7amento-do-Programa-em-Jaboticatubas.jpg\"\n               title=\"\"\n               data-src=\"https:\/\/cevambrasil.com.br\/site\/wp-content\/gallery\/lancamento-do-programa-em-jaboticatubas-2018\/Lan%C3%A7amento-do-Programa-em-Jaboticatubas.jpg\"\n               data-thumbnail=\"https:\/\/cevambrasil.com.br\/site\/wp-content\/gallery\/lancamento-do-programa-em-jaboticatubas-2018\/thumbs\/thumbs_Lan%C3%A7amento-do-Programa-em-Jaboticatubas.jpg\"\n               data-image-id=\"28\"\n               data-title=\"Lan\u00e7amento-do-Programa-em-Jaboticatubas\"\n               data-description=\"\"\n               data-image-slug=\"lan%c3%a7amento-do-programa-em-jaboticatubas-3\"\n               class=\"ngg-simplelightbox\" rel=\"2fe56b733bf81374fe99106e687caf2d\">\n                <img\n                    title=\"Lan\u00e7amento-do-Programa-em-Jaboticatubas\"\n                    alt=\"Lan\u00e7amento-do-Programa-em-Jaboticatubas\"\n                    src=\"https:\/\/cevambrasil.com.br\/site\/wp-content\/gallery\/lancamento-do-programa-em-jaboticatubas-2018\/thumbs\/thumbs_Lan%C3%A7amento-do-Programa-em-Jaboticatubas.jpg\"\n                    width=\"240\"\n                    height=\"160\"\n                    style=\"max-width:100%;\"\n                \/>\n            <\/a>\n        <\/div>\n\t\t\t\t\t\t\t<\/div> \n\t\t\t\n\t\n\t<br style=\"clear: both\" \/>\n\n\t\n\t\t<!-- Pagination -->\n\t<div class='ngg-clear'><\/div>\t<\/div>\n\n\n\n\n<p style=\"color:#0d0d0e\" class=\"has-text-color has-text-align-center\"><strong>Primeiro Caf\u00e9 Afetivo em prol do Lan\u00e7amento da Campanha de Natal (2019)<\/strong><\/p>\n\n\n\n<!-- default-view.php -->\n<div\n\tclass=\"ngg-galleryoverview default-view \"\n\tid=\"ngg-gallery-0be5d9e09600ddaef3d5a90ce9d4c4a7-1\">\n\n\t\t<!-- Thumbnails -->\n\t\t\t\t<div id=\"ngg-image-0\" class=\"ngg-gallery-thumbnail-box \" >\n\t\t\t\t        <div class=\"ngg-gallery-thumbnail\">\n            <a href=\"https:\/\/cevambrasil.com.br\/site\/wp-content\/gallery\/primeiro-cafe-ativo-2019\/Primeiro-Caf%C3%A9-Afetivo-1_2019.jpg\"\n               title=\"\"\n               data-src=\"https:\/\/cevambrasil.com.br\/site\/wp-content\/gallery\/primeiro-cafe-ativo-2019\/Primeiro-Caf%C3%A9-Afetivo-1_2019.jpg\"\n               data-thumbnail=\"https:\/\/cevambrasil.com.br\/site\/wp-content\/gallery\/primeiro-cafe-ativo-2019\/thumbs\/thumbs_Primeiro-Caf%C3%A9-Afetivo-1_2019.jpg\"\n               data-image-id=\"29\"\n               data-title=\"Primeiro-Caf\u00e9-Afetivo-1_2019\"\n               data-description=\"\"\n               data-image-slug=\"primeiro-caf%c3%a9-afetivo-1_2019\"\n               class=\"ngg-simplelightbox\" rel=\"0be5d9e09600ddaef3d5a90ce9d4c4a7\">\n                <img\n                    title=\"Primeiro-Caf\u00e9-Afetivo-1_2019\"\n                    alt=\"Primeiro-Caf\u00e9-Afetivo-1_2019\"\n                    src=\"https:\/\/cevambrasil.com.br\/site\/wp-content\/gallery\/primeiro-cafe-ativo-2019\/thumbs\/thumbs_Primeiro-Caf%C3%A9-Afetivo-1_2019.jpg\"\n                    width=\"240\"\n                    height=\"160\"\n                    style=\"max-width:100%;\"\n                \/>\n            <\/a>\n        <\/div>\n\t\t\t\t\t\t\t<\/div> \n\t\t\t\n\t\t\t\t<div id=\"ngg-image-1\" class=\"ngg-gallery-thumbnail-box \" >\n\t\t\t\t        <div class=\"ngg-gallery-thumbnail\">\n            <a href=\"https:\/\/cevambrasil.com.br\/site\/wp-content\/gallery\/primeiro-cafe-ativo-2019\/Primeiro-Caf%C3%A9-Afetivo-2_2019.jpg\"\n               title=\"\"\n               data-src=\"https:\/\/cevambrasil.com.br\/site\/wp-content\/gallery\/primeiro-cafe-ativo-2019\/Primeiro-Caf%C3%A9-Afetivo-2_2019.jpg\"\n               data-thumbnail=\"https:\/\/cevambrasil.com.br\/site\/wp-content\/gallery\/primeiro-cafe-ativo-2019\/thumbs\/thumbs_Primeiro-Caf%C3%A9-Afetivo-2_2019.jpg\"\n               data-image-id=\"30\"\n               data-title=\"Primeiro-Caf\u00e9-Afetivo-2_2019\"\n               data-description=\"\"\n               data-image-slug=\"primeiro-caf%c3%a9-afetivo-2_2019\"\n               class=\"ngg-simplelightbox\" rel=\"0be5d9e09600ddaef3d5a90ce9d4c4a7\">\n                <img\n                    title=\"Primeiro-Caf\u00e9-Afetivo-2_2019\"\n                    alt=\"Primeiro-Caf\u00e9-Afetivo-2_2019\"\n                    src=\"https:\/\/cevambrasil.com.br\/site\/wp-content\/gallery\/primeiro-cafe-ativo-2019\/thumbs\/thumbs_Primeiro-Caf%C3%A9-Afetivo-2_2019.jpg\"\n                    width=\"240\"\n                    height=\"160\"\n                    style=\"max-width:100%;\"\n                \/>\n            <\/a>\n        <\/div>\n\t\t\t\t\t\t\t<\/div> \n\t\t\t\n\t\n\t<br style=\"clear: both\" \/>\n\n\t\n\t\t<!-- Pagination -->\n\t<div class='ngg-clear'><\/div>\t<\/div>\n\n\n\n\n<p><\/p>\n","protected":false},"excerpt":{"rendered":"<p>Primeira Caminhada Afetiva em Prol do Lan\u00e7amento da Campanha de Apadrinhamento Afetivo do Natal (2014) Em 2015, o CEVAM comemorou os 15 anos do Programa Com Viver e promoveu o baile de debutante de 15 adolescentes acolhidas Palestra do Apadrinhamento de Natal (2015)Dr. Ananias e Dr. Marcos Padula Lan\u00e7amento do Programa de Apadrinhamento Afetivo em &#8230;.&nbsp;&nbsp;<a class=\" special\" href=\"https:\/\/cevambrasil.com.br\/site\/fotos\/\">Continuar Lendo<\/a><\/p>\n","protected":false},"author":1,"featured_media":0,"parent":0,"menu_order":0,"comment_status":"closed","ping_status":"closed","template":"","meta":{"ngg_post_thumbnail":0,"pagelayer_contact_templates":[],"_pagelayer_content":"","footnotes":""},"class_list":["post-145","page","type-page","status-publish","hentry"],"_links":{"self":[{"href":"https:\/\/cevambrasil.com.br\/site\/wp-json\/wp\/v2\/pages\/145","targetHints":{"allow":["GET"]}}],"collection":[{"href":"https:\/\/cevambrasil.com.br\/site\/wp-json\/wp\/v2\/pages"}],"about":[{"href":"https:\/\/cevambrasil.com.br\/site\/wp-json\/wp\/v2\/types\/page"}],"author":[{"embeddable":true,"href":"https:\/\/cevambrasil.com.br\/site\/wp-json\/wp\/v2\/users\/1"}],"replies":[{"embeddable":true,"href":"https:\/\/cevambrasil.com.br\/site\/wp-json\/wp\/v2\/comments?post=145"}],"version-history":[{"count":24,"href":"https:\/\/cevambrasil.com.br\/site\/wp-json\/wp\/v2\/pages\/145\/revisions"}],"predecessor-version":[{"id":418,"href":"https:\/\/cevambrasil.com.br\/site\/wp-json\/wp\/v2\/pages\/145\/revisions\/418"}],"wp:attachment":[{"href":"https:\/\/cevambrasil.com.br\/site\/wp-json\/wp\/v2\/media?parent=145"}],"curies":[{"name":"wp","href":"https:\/\/api.w.org\/{rel}","templated":true}]}}