{"id":15,"date":"2020-07-07T14:33:55","date_gmt":"2020-07-07T14:33:55","guid":{"rendered":"https:\/\/cevambrasil.com.br\/site\/?page_id=15"},"modified":"2020-08-05T13:14:52","modified_gmt":"2020-08-05T13:14:52","slug":"legislacao","status":"publish","type":"page","link":"https:\/\/cevambrasil.com.br\/site\/legislacao\/","title":{"rendered":"Legisla\u00e7\u00e3o"},"content":{"rendered":"\n<p><\/p>\n\n\n\n<p><\/p>\n\n\n\n<div class=\"wp-block-image\"><figure class=\"aligncenter\"><img decoding=\"async\" src=\"http:\/\/www.cevambrasil.com.br\/images\/legislacao.jpg\" alt=\"Cavam Brasil - Ong BH\"\/><\/figure><\/div>\n\n\n\n<p><\/p>\n\n\n\n<p style=\"color:#0d0d0e\" class=\"has-text-color has-text-align-center has-medium-font-size\"><strong>INTERNACIONAL<\/strong><\/p>\n\n\n\n<p style=\"color:#0d0d0e\" class=\"has-text-color\">Declara\u00e7\u00e3o dos Direitos da Crian\u00e7a (1959).<\/p>\n\n\n\n<p><a href=\"https:\/\/www2.camara.leg.br\/atividade-legislativa\/comissoes\/comissoes-permanentes\/cdhm\/comite-brasileiro-de-direitos-humanos-e-politica-externa\/DeclDirCrian.html\">https:\/\/www2.camara.leg.br\/atividade-legislativa\/comissoes\/comissoes-permanentes\/cdhm\/comite-brasileiro-de-direitos-humanos-e-politica-externa\/DeclDirCrian.html<\/a><\/p>\n\n\n\n<p style=\"color:#0d0d0e\" class=\"has-text-color\">Conven\u00e7\u00e3o dos Direitos da Crian\u00e7a (1989).<\/p>\n\n\n\n<p><a href=\"https:\/\/www.unicef.org\/brazil\/convencao-sobre-os-direitos-da-crianca\">https:\/\/www.unicef.org\/brazil\/convencao-sobre-os-direitos-da-crianca<\/a><\/p>\n\n\n\n<p style=\"color:#0d0d0e\" class=\"has-text-color has-text-align-center has-medium-font-size\"><strong>FEDERAL<\/strong><\/p>\n\n\n\n<p style=\"color:#0d0d0e\" class=\"has-text-color\">Constitui\u00e7\u00e3o da Rep\u00fablica Federativa do Brasil (1988).<\/p>\n\n\n\n<p><a href=\"http:\/\/www.planalto.gov.br\/ccivil_03\/constituicao\/constituicao.htm\">http:\/\/www.planalto.gov.br\/ccivil_03\/constituicao\/constituicao.htm<\/a><\/p>\n\n\n\n<p style=\"color:#0d0d0e\" class=\"has-text-color\">Lei Federal 8.069 \/ Estatuto da Crian\u00e7a e do Adolescente (1990). &nbsp;<\/p>\n\n\n\n<p><a href=\"http:\/\/www.planalto.gov.br\/ccivil_03\/Leis\/L8069Compilado.htm\">http:\/\/www.planalto.gov.br\/ccivil_03\/Leis\/L8069Compilado.htm<\/a><\/p>\n\n\n\n<p style=\"color:#0d0d0e\" class=\"has-text-color\">Plano de Garantia da Conviv\u00eancia Familiar e Comunit\u00e1ria (2006).<\/p>\n\n\n\n<p><a href=\"http:\/\/www.neca.org.br\/programas\/pncfc.pdf\">http:\/\/www.neca.org.br\/programas\/pncfc.pdf<\/a><\/p>\n\n\n\n<p style=\"color:#0d0d0e\" class=\"has-text-color\">Lei 12.010 \/ Lei da Garantia do Direito a Conviv\u00eancia Familiar e Comunit\u00e1ria (2009).<\/p>\n\n\n\n<p><a href=\"http:\/\/www.planalto.gov.br\/ccivil_03\/_Ato2007-2010\/2009\/Lei\/L12010.htm\">http:\/\/www.planalto.gov.br\/ccivil_03\/_Ato2007-2010\/2009\/Lei\/L12010.htm<\/a><\/p>\n\n\n\n<p style=\"color:#0d0d0e\" class=\"has-text-color\">Lei 13.509 \/ Lei sobre entrega volunt\u00e1ria, destitui\u00e7\u00e3o do poder familiar, acolhimento, apadrinhamento, guarda e ado\u00e7\u00e3o de crian\u00e7as e adolescentes (2017).<\/p>\n\n\n\n<p><a href=\"http:\/\/www.planalto.gov.br\/ccivil_03\/_Ato2015-2018\/2017\/Lei\/L13509.htm\">http:\/\/www.planalto.gov.br\/ccivil_03\/_Ato2015-2018\/2017\/Lei\/L13509.htm<\/a><br><\/p>\n\n\n\n<p style=\"color:#0d0d0e\" class=\"has-text-color has-text-align-center\"><strong>MUNICIPAL (BELO HORIZONTE)<\/strong><\/p>\n\n\n\n<p style=\"color:#0d0d0e\" class=\"has-text-color\">Plano Municipal Garantia da Conviv\u00eancia Familiar e Comunit\u00e1ria de Belo Horizonte (2012).<\/p>\n\n\n\n<p><a href=\"https:\/\/prefeitura.pbh.gov.br\/sites\/default\/files\/estrutura-de-governo\/smasac\/2018\/documentos\/cmdca\/20161206_plano_convivencia.pdf\">https:\/\/prefeitura.pbh.gov.br\/sites\/default\/files\/estrutura-de-governo\/smasac\/2018\/documentos\/cmdca\/20161206_plano_convivencia.pdf<\/a><\/p>\n\n\n\n<p style=\"color:#0d0d0e\" class=\"has-text-color\">Plano Municipal para Inf\u00e2ncia e Adolesc\u00eancia de Belo Horizonte (2014).<\/p>\n\n\n\n<p><a href=\"https:\/\/prefeitura.pbh.gov.br\/sites\/default\/files\/estrutura-de-governo\/smasac\/2018\/documentos\/cmdca\/pmia_2015.pdf\">https:\/\/prefeitura.pbh.gov.br\/sites\/default\/files\/estrutura-de-governo\/smasac\/2018\/documentos\/cmdca\/pmia_2015.pdf<\/a><\/p>\n\n\n\n<p style=\"color:#0d0d0e\" class=\"has-text-color\">Resolu\u00e7\u00e3o Conselho Municipal dos Direitos da Crian\u00e7a e do Adolescente (CMDCA) BH n\u00ba. 132 sobre Apadrinhamento Afetivo (2016).<\/p>\n\n\n\n<p><a href=\"http:\/\/portal6.pbh.gov.br\/dom\/iniciaEdicao.do?method=DetalheArtigo&amp;pk=1173154\">http:\/\/portal6.pbh.gov.br\/dom\/iniciaEdicao.do?method=DetalheArtigo&amp;pk=1173154<\/a><\/p>\n\n\n\n<p><\/p>\n","protected":false},"excerpt":{"rendered":"<p>INTERNACIONAL Declara\u00e7\u00e3o dos Direitos da Crian\u00e7a (1959). https:\/\/www2.camara.leg.br\/atividade-legislativa\/comissoes\/comissoes-permanentes\/cdhm\/comite-brasileiro-de-direitos-humanos-e-politica-externa\/DeclDirCrian.html Conven\u00e7\u00e3o dos Direitos da Crian\u00e7a (1989). https:\/\/www.unicef.org\/brazil\/convencao-sobre-os-direitos-da-crianca FEDERAL Constitui\u00e7\u00e3o da Rep\u00fablica Federativa do Brasil (1988). http:\/\/www.planalto.gov.br\/ccivil_03\/constituicao\/constituicao.htm Lei Federal 8.069 \/ Estatuto da Crian\u00e7a e do Adolescente (1990). &nbsp; http:\/\/www.planalto.gov.br\/ccivil_03\/Leis\/L8069Compilado.htm Plano de Garantia da Conviv\u00eancia Familiar e Comunit\u00e1ria (2006). http:\/\/www.neca.org.br\/programas\/pncfc.pdf Lei 12.010 \/ Lei da Garantia do Direito &#8230;.&nbsp;&nbsp;<a class=\" special\" href=\"https:\/\/cevambrasil.com.br\/site\/legislacao\/\">Continuar Lendo<\/a><\/p>\n","protected":false},"author":1,"featured_media":0,"parent":0,"menu_order":0,"comment_status":"closed","ping_status":"closed","template":"","meta":{"ngg_post_thumbnail":0,"pagelayer_contact_templates":[],"_pagelayer_content":"","footnotes":""},"class_list":["post-15","page","type-page","status-publish","hentry"],"_links":{"self":[{"href":"https:\/\/cevambrasil.com.br\/site\/wp-json\/wp\/v2\/pages\/15","targetHints":{"allow":["GET"]}}],"collection":[{"href":"https:\/\/cevambrasil.com.br\/site\/wp-json\/wp\/v2\/pages"}],"about":[{"href":"https:\/\/cevambrasil.com.br\/site\/wp-json\/wp\/v2\/types\/page"}],"author":[{"embeddable":true,"href":"https:\/\/cevambrasil.com.br\/site\/wp-json\/wp\/v2\/users\/1"}],"replies":[{"embeddable":true,"href":"https:\/\/cevambrasil.com.br\/site\/wp-json\/wp\/v2\/comments?post=15"}],"version-history":[{"count":13,"href":"https:\/\/cevambrasil.com.br\/site\/wp-json\/wp\/v2\/pages\/15\/revisions"}],"predecessor-version":[{"id":290,"href":"https:\/\/cevambrasil.com.br\/site\/wp-json\/wp\/v2\/pages\/15\/revisions\/290"}],"wp:attachment":[{"href":"https:\/\/cevambrasil.com.br\/site\/wp-json\/wp\/v2\/media?parent=15"}],"curies":[{"name":"wp","href":"https:\/\/api.w.org\/{rel}","templated":true}]}}